{"version":"1.0","provider_name":"Csivitel\u0151","provider_url":"https:\/\/csivitelo.cafeblog.hu","author_name":"Cs. K. Matyi","author_url":"https:\/\/csivitelo.cafeblog.hu\/author\/matyiko\/","title":"Mad\u00e1rhat\u00e1roz\u00f3: a v\u00e1ndors\u00f3lyom","html":"<p>TOV\u00c1BBI INF\u00d3K:\u00a0<\/p>\r\n<p>https:\/\/csivitelo.cafeblog.hu\/2018\/06\/29\/101-kerdes-hogy-megtudd-mennyire-ismered-a-2018-as-ev-madarat-a-vandorsolymot\/<\/p>\r\n<p>A\u00a0<span style=\"color: #ff0000\">piros<span style=\"color: #333333\">sal \u00edrt sz\u00f6vegr\u00e9szek a kv\u00edz megold\u00e1sai.<\/span><\/span><\/p>\r\n<h1>8. A V\u00c1NDORS\u00d3LYOM<\/h1>\r\n<p><img class=\"\" src=\"https:\/\/csivitelo.cafeblog.hu\/files\/2018\/07\/vandorsolyom_2.jpg\" alt=\"K\u00c3\u00a9ptal\u00c3\u00a1lat a k\u00c3\u00b6vetkez\u00c5\u0091re: \u00e2\u0080\u009ev\u00c3\u00a1ndors\u00c3\u00b3lyom\u00e2\u0080\u009d\" width=\"597\" height=\"366\" \/><\/p>\r\n<p>&nbsp;<\/p>\r\n<h2><span style=\"color: #ff0000\">\u00daJ!<\/span><\/h2>\r\n<h2><span style=\"color: #333333\">Latin neve:<\/span><\/h2>\r\n<p><span style=\"color: #ff0000\"><em>falco peregrinus\u00a0<\/em><\/span><\/p>\r\n<p>&nbsp;<\/p>\r\n<h2>\u00c9l\u0151helye:<\/h2>\r\n<p>Szinte az eg\u00e9sz vil\u00e1gon megtal\u00e1lhat\u00f3 mad\u00e1rfaj, tengerpartokon, hegyvid\u00e9keken, sztyepp\u00e9ken el\u00e9g gyakori, de nem idegenkedik a nagyv\u00e1rosokt\u00f3l sem,<span style=\"color: #ff0000\"> ahol templomtornyokban is f\u00e9szkelhet<\/span>. 30 \u00e9ve annak, hogy visszat\u00e9rt Magyarorsz\u00e1gra, mert a DDT nev\u0171 \"rovarirt\u00f3\" szer elt\u00fcntette. Ennek k\u00f6sz\u00f6nhet\u0151en nyerte el a 2018- as \u00e9v madara c\u00edmet.<\/p>\r\n<p>&nbsp;<\/p>\r\n<h2>T\u00e1pl\u00e1l\u00e9ka:<\/h2>\r\n<p>Mad\u00e1rzs\u00e1km\u00e1ny\u00e1t a leveg\u0151ben kapja el, <span style=\"color: #ff0000\">ak\u00e1r 320 km\/h sebess\u00e9ggel is zuhanva<\/span>, ezzel <span style=\"color: #ff0000\">\u0151 a vil\u00e1g leggyorsabb \u00e1llatfaja<\/span>, m\u00e9g a gep\u00e1rdot is lek\u00f6r\u00f6zi. <span style=\"color: #ff0000\">Zs\u00e1km\u00e1nya a sereg\u00e9lyekt\u0151l a r\u00e9cef\u00e9l\u00e9kig b\u00e1rmilyen mad\u00e1r lehet, de el\u0151szeretettel fogyaszt parlagi galambokat.<\/span><\/p>\r\n<p>&nbsp;<\/p>\r\n<h2>F\u00e9szkel\u00e9se:<\/h2>\r\n<p>T\u00f6bb f\u00e9szkel\u0151helye is lehet egy revirben.\u00a0 Legt\u00f6bbsz\u00f6r sziklafalak p\u00e1rk\u00e1ny\u00e1n k\u00f6lt, de m\u00e1s ragadoz\u00f3 madarak haszn\u00e1latlan f\u00e9szk\u00e9t is sz\u00edvesen elfoglalj\u00e1k. A toj\u00f3 <span style=\"color: #ff0000\">3-4 toj\u00e1s\u00e1n<\/span> 29 napig kotlik,<span style=\"color: #ff0000\"> a fi\u00f3k\u00e1k 35 napig maradnak a<\/span> <span style=\"color: #ff0000\">biztons\u00e1got ny\u00fajt\u00f3 f\u00e9szekben<\/span>.<span style=\"color: #ff0000\"> A kicsik sz\u00ednezete barn\u00e1s, mell\u00fck\u00f6n hosszanti cs\u00edkokkal, f\u00e9szeklak\u00f3k\u00a0<span style=\"color: #333333\">\u00e9s<\/span><\/span>\u00a0augusztusra v\u00e1lnak \u00f6n\u00e1ll\u00f3v\u00e1, ezut\u00e1n k\u00f3borolnak egy ideig, hogy azt\u00e1n saj\u00e1t revirt tal\u00e1ljanak, amiben \u00e9let\u00fck v\u00e9g\u00e9ig kitartanak.<\/p>\r\n<p>&nbsp;<\/p>\r\n<h2>Meghat\u00e1roz\u00e1sa:<\/h2>\r\n<p>A toj\u00f3 rendszerint nagyobb a h\u00edmn\u00e9l. R\u00f6pt\u00e9ben sz\u00e1rny\u00e1t kicsit behajl\u00edtva tartja. Zs\u00e1km\u00e1ny\u00fcld\u00f6z\u00e9s k\u00f6zben nagyon sebesen rep\u00fcl, egy\u00e9bk\u00e9nt csak k\u00f6zepes sebess\u00e9ggel k\u00f6zlekedik. A nemeket neh\u00e9z terepen megk\u00fcl\u00f6nb\u00f6ztetni. H\u00e1ta \u00e9s sz\u00e1rnya palasz\u00fcrke, als\u00f3teste feh\u00e9r, fekete cs\u00edkoz\u00e1ssal. Mindk\u00e9t nem fekete bajuszs\u00e1vval rendelkezik.<\/p>\r\n<p>&nbsp;<\/p>\r\n<h2>Gal\u00e9ria:<\/h2>\r\n<h3>k\u00e9pek:<\/h3>\r\n<p>[gallery columns=\"1\" size=\"full\" ids=\"1160,1161,1162,1163,1164,1165,1166\"]<\/p>\r\n<p>&nbsp;<\/p>","type":"rich","thumbnail_url":"https:\/\/csivitelo.cafeblog.hu\/files\/2018\/07\/1337634240-150x150.jpeg","thumbnail_width":150,"thumbnail_height":150}