{"version":"1.0","provider_name":"Csivitel\u0151","provider_url":"https:\/\/csivitelo.cafeblog.hu","author_name":"Cs. K. Matyi","author_url":"https:\/\/csivitelo.cafeblog.hu\/author\/matyiko\/","title":"A huszadik k\u00e9rd\u00e9s","html":"<h1>V\u00c9GE A SZAVAZ\u00c1SNAK (A MEGFEJT\u00c9ST L\u00c1SD LENT)!\u00a0\ud83d\ude42<\/h1>\r\n<p>T\u00d6BB \u00c9RDEKESS\u00c9G:<\/p>\r\n<p>https:\/\/csivitelo.cafeblog.hu\/2017\/11\/17\/karacsonyi-visszaszamlalas-a-csivitelovel\/<\/p>\r\n<p>&nbsp;<\/p>\r\n<h1>20. mad\u00e1r:<\/h1>\r\n<ol>\r\n<li>Neve az erd\u0151vel kapcsolatos.<\/li>\r\n<li>Nem ver\u00e9b.<\/li>\r\n<li>Feje sz\u00fcrke.<\/li>\r\n<li>K\u00e9p r\u00f3la:<\/li>\r\n<\/ol>\r\n<p><img class=\"alignnone  wp-image-464\" src=\"https:\/\/csivitelo.cafeblog.hu\/files\/2017\/12\/14606333_1390058364357485_9111615114334281739_n.jpg\" alt=\"\" width=\"604\" height=\"402\" \/><\/p>\r\n<h1><span style=\"color: #99cc00\">A megfejt\u00e9s: ERDEI SZ\u00dcRKEBEGY<\/span><\/h1>\r\n<p>&nbsp;<\/p>\r\n<p>&nbsp;<\/p>\r\n<p>&nbsp;<\/p>","type":"rich","thumbnail_url":"https:\/\/csivitelo.cafeblog.hu\/files\/2017\/12\/14606333_1390058364357485_9111615114334281739_n-150x150.jpg","thumbnail_width":150,"thumbnail_height":150}